{"id":5292,"date":"2021-03-29T13:34:13","date_gmt":"2021-03-29T12:34:13","guid":{"rendered":"https:\/\/www.aiutu-corsu.org\/wordpress\/?page_id=5292"},"modified":"2022-03-29T11:28:08","modified_gmt":"2022-03-29T10:28:08","slug":"presse-medias-2021","status":"publish","type":"page","link":"https:\/\/www.aiutu-corsu.org\/wordpress\/presse-medias-2021\/","title":{"rendered":"Presse \/ M\u00e9dias 2021"},"content":{"rendered":"\n<div class=\"wp-block-group is-layout-flow wp-block-group-is-layout-flow\"><div class=\"wp-block-group__inner-container\"><\/div><\/div>\n\n\n\n<div class=\"wp-block-media-text alignwide is-stacked-on-mobile is-vertically-aligned-top\"><figure class=\"wp-block-media-text__media\"><a href=\"https:\/\/www.aiutu-corsu.org\/wordpress\/wp-content\/uploads\/2021\/12\/FireShot-Capture-011-Sida-en-Corse-_-les-depistages-encore-trop-bas-www.corsenetinfos.corsica.png\" target=\"_blank\" rel=\"noopener noreferrer\"><img loading=\"lazy\" decoding=\"async\" width=\"342\" height=\"1024\" src=\"https:\/\/www.aiutu-corsu.org\/wordpress\/wp-content\/uploads\/2021\/12\/FireShot-Capture-011-Sida-en-Corse-_-les-depistages-encore-trop-bas-www.corsenetinfos.corsica-342x1024.png\" alt=\"\" class=\"wp-image-5578\" srcset=\"https:\/\/www.aiutu-corsu.org\/wordpress\/wp-content\/uploads\/2021\/12\/FireShot-Capture-011-Sida-en-Corse-_-les-depistages-encore-trop-bas-www.corsenetinfos.corsica-342x1024.png 342w, https:\/\/www.aiutu-corsu.org\/wordpress\/wp-content\/uploads\/2021\/12\/FireShot-Capture-011-Sida-en-Corse-_-les-depistages-encore-trop-bas-www.corsenetinfos.corsica-100x300.png 100w, https:\/\/www.aiutu-corsu.org\/wordpress\/wp-content\/uploads\/2021\/12\/FireShot-Capture-011-Sida-en-Corse-_-les-depistages-encore-trop-bas-www.corsenetinfos.corsica.png 476w\" sizes=\"(max-width: 342px) 100vw, 342px\" \/><\/a><\/figure><div class=\"wp-block-media-text__content\">\n<p><strong>Article Corse Net Infos<\/strong> dans le cadre de la <strong>Journ\u00e9e Mondiale de Lutte Contre le SIDA 2021<\/strong><\/p>\n\n\n\n<p><em>Sida en Corse : les d\u00e9pistages encore trop bas<\/em><\/p>\n\n\n\n<p>Article du 02\/12\/2021<\/p>\n\n\n\n<p><a href=\"https:\/\/www.corsenetinfos.corsica\/Sida-en-Corse-les-depistages-encore-trop-bas_a61631.html\" target=\"_blank\" rel=\"noreferrer noopener\">&gt; Consulter cet article sur le site de Corse Net Infos<\/a><\/p>\n\n\n\n<p><\/p>\n<\/div><\/div>\n\n\n\n<div style=\"height:20px\" aria-hidden=\"true\" class=\"wp-block-spacer\"><\/div>\n\n\n\n<hr class=\"wp-block-separator is-style-wide\"\/>\n\n\n\n<div style=\"height:20px\" aria-hidden=\"true\" class=\"wp-block-spacer\"><\/div>\n\n\n\n<div class=\"wp-block-media-text alignwide is-stacked-on-mobile is-vertically-aligned-top\"><figure class=\"wp-block-media-text__media\"><a href=\"https:\/\/www.aiutu-corsu.org\/wordpress\/wp-content\/uploads\/2021\/12\/FireShot-Capture-008-Journee-Mondiale-de-lutte-contre-le-SIDA-_-distribution-de-colis-alim_-www.alta-frequenza.corsica.png\" target=\"_blank\" rel=\"noopener noreferrer\"><img loading=\"lazy\" decoding=\"async\" width=\"782\" height=\"1025\" src=\"https:\/\/www.aiutu-corsu.org\/wordpress\/wp-content\/uploads\/2021\/12\/FireShot-Capture-008-Journee-Mondiale-de-lutte-contre-le-SIDA-_-distribution-de-colis-alim_-www.alta-frequenza.corsica.png\" alt=\"\" class=\"wp-image-5575\" srcset=\"https:\/\/www.aiutu-corsu.org\/wordpress\/wp-content\/uploads\/2021\/12\/FireShot-Capture-008-Journee-Mondiale-de-lutte-contre-le-SIDA-_-distribution-de-colis-alim_-www.alta-frequenza.corsica.png 782w, https:\/\/www.aiutu-corsu.org\/wordpress\/wp-content\/uploads\/2021\/12\/FireShot-Capture-008-Journee-Mondiale-de-lutte-contre-le-SIDA-_-distribution-de-colis-alim_-www.alta-frequenza.corsica-229x300.png 229w, https:\/\/www.aiutu-corsu.org\/wordpress\/wp-content\/uploads\/2021\/12\/FireShot-Capture-008-Journee-Mondiale-de-lutte-contre-le-SIDA-_-distribution-de-colis-alim_-www.alta-frequenza.corsica-768x1007.png 768w\" sizes=\"(max-width: 782px) 100vw, 782px\" \/><\/a><\/figure><div class=\"wp-block-media-text__content\">\n<p><strong>Article Alta Frequenza<\/strong> dans le cadre de la <strong>Journ\u00e9e Mondiale de Lutte Contre le SIDA 2021<\/strong><\/p>\n\n\n\n<p><em>Journ\u00e9e Mondiale de lutte contre le sida : distribution de colis alimentaire, d\u00e9pistage et pr\u00e9vention avec Aiutu Corsu<\/em><\/p>\n\n\n\n<p>Article du 02\/12\/2021<\/p>\n\n\n\n<p><a rel=\"noreferrer noopener\" href=\"https:\/\/www.francebleu.fr\/infos\/sante-sciences\/sida-l-urgence-d-informer-pour-casser-la-chaine-1638345768\" target=\"_blank\">&gt; Consulter cet article sur le site d&rsquo;Alta Frequenza<\/a><\/p>\n\n\n\n<p><strong><em>Ecoutez l&rsquo;interview de Sylvie Marcaggi, pr\u00e9sidente d&rsquo;Aiutu Corsu :<\/em><\/strong><\/p>\n\n\n\n<figure class=\"wp-block-audio\"><audio controls src=\"https:\/\/www.aiutu-corsu.org\/wordpress\/wp-content\/uploads\/2021\/12\/Aiutu-Corsu-Alta-Frequenza-du-02-12-2021.mp3\"><\/audio><\/figure>\n\n\n\n<p><\/p>\n<\/div><\/div>\n\n\n\n<div style=\"height:20px\" aria-hidden=\"true\" class=\"wp-block-spacer\"><\/div>\n\n\n\n<hr class=\"wp-block-separator is-style-wide\"\/>\n\n\n\n<div style=\"height:20px\" aria-hidden=\"true\" class=\"wp-block-spacer\"><\/div>\n\n\n\n<div class=\"wp-block-media-text alignwide is-stacked-on-mobile is-vertically-aligned-top\"><figure class=\"wp-block-media-text__media\"><a href=\"https:\/\/www.aiutu-corsu.org\/wordpress\/wp-content\/uploads\/2021\/12\/FireShot-Capture-007-Sida-_-lurgence-dinformer-pour-casser-la-chaine-www.francebleu.fr_.png\" target=\"_blank\" rel=\"noopener noreferrer\"><img loading=\"lazy\" decoding=\"async\" width=\"442\" height=\"1024\" src=\"https:\/\/www.aiutu-corsu.org\/wordpress\/wp-content\/uploads\/2021\/12\/FireShot-Capture-007-Sida-_-lurgence-dinformer-pour-casser-la-chaine-www.francebleu.fr_-442x1024.png\" alt=\"\" class=\"wp-image-5573\" srcset=\"https:\/\/www.aiutu-corsu.org\/wordpress\/wp-content\/uploads\/2021\/12\/FireShot-Capture-007-Sida-_-lurgence-dinformer-pour-casser-la-chaine-www.francebleu.fr_-442x1024.png 442w, https:\/\/www.aiutu-corsu.org\/wordpress\/wp-content\/uploads\/2021\/12\/FireShot-Capture-007-Sida-_-lurgence-dinformer-pour-casser-la-chaine-www.francebleu.fr_-130x300.png 130w, https:\/\/www.aiutu-corsu.org\/wordpress\/wp-content\/uploads\/2021\/12\/FireShot-Capture-007-Sida-_-lurgence-dinformer-pour-casser-la-chaine-www.francebleu.fr_-768x1779.png 768w, https:\/\/www.aiutu-corsu.org\/wordpress\/wp-content\/uploads\/2021\/12\/FireShot-Capture-007-Sida-_-lurgence-dinformer-pour-casser-la-chaine-www.francebleu.fr_-663x1536.png 663w, https:\/\/www.aiutu-corsu.org\/wordpress\/wp-content\/uploads\/2021\/12\/FireShot-Capture-007-Sida-_-lurgence-dinformer-pour-casser-la-chaine-www.francebleu.fr_.png 848w\" sizes=\"(max-width: 442px) 100vw, 442px\" \/><\/a><\/figure><div class=\"wp-block-media-text__content\">\n<p><strong>Article RCFM \/ France 3 Corse<\/strong> dans le cadre de la <strong>Journ\u00e9e Mondiale de Lutte Contre le SIDA 2021<\/strong><\/p>\n\n\n\n<p><em>SIDA : L&rsquo;urgence d&rsquo;informer pour casser la cha\u00eene<\/em><\/p>\n\n\n\n<p>Article du 01\/12\/2021<\/p>\n\n\n\n<p><a rel=\"noreferrer noopener\" href=\"https:\/\/www.francebleu.fr\/infos\/sante-sciences\/sida-l-urgence-d-informer-pour-casser-la-chaine-1638345768\" target=\"_blank\">&gt; Consulter cet article sur le site de France Bleu RCFM<\/a><\/p>\n\n\n\n<p><strong><em>\u00c9coutez l&rsquo;interview de Sylvie Marcaggi, pr\u00e9sidente d&rsquo;Aiutu Corsu :<\/em><\/strong><\/p>\n\n\n\n<figure class=\"wp-block-embed-youtube wp-block-embed is-type-video is-provider-youtube wp-embed-aspect-16-9 wp-has-aspect-ratio\"><div class=\"wp-block-embed__wrapper\">\n<iframe loading=\"lazy\" title=\"Journ\u00e9e Mondiale de lutte contre le Sida 2021\" width=\"500\" height=\"281\" src=\"https:\/\/www.youtube.com\/embed\/5qxwt6eY1Ks?feature=oembed\" frameborder=\"0\" allow=\"accelerometer; autoplay; clipboard-write; encrypted-media; gyroscope; picture-in-picture\" allowfullscreen><\/iframe>\n<\/div><\/figure>\n<\/div><\/div>\n\n\n\n<div style=\"height:20px\" aria-hidden=\"true\" class=\"wp-block-spacer\"><\/div>\n\n\n\n<hr class=\"wp-block-separator is-style-wide\"\/>\n\n\n\n<div style=\"height:20px\" aria-hidden=\"true\" class=\"wp-block-spacer\"><\/div>\n\n\n\n<div class=\"wp-block-media-text alignwide is-stacked-on-mobile is-vertically-aligned-top\"><figure class=\"wp-block-media-text__media\"><a href=\"https:\/\/www.aiutu-corsu.org\/wordpress\/wp-content\/uploads\/2021\/10\/Article-Corse-Matin-13-10-2021.png\" target=\"_blank\" rel=\"noopener noreferrer\"><img loading=\"lazy\" decoding=\"async\" width=\"1024\" height=\"769\" src=\"https:\/\/www.aiutu-corsu.org\/wordpress\/wp-content\/uploads\/2021\/10\/Article-Corse-Matin-13-10-2021-1024x769.png\" alt=\"\" class=\"wp-image-5509\" srcset=\"https:\/\/www.aiutu-corsu.org\/wordpress\/wp-content\/uploads\/2021\/10\/Article-Corse-Matin-13-10-2021-1024x769.png 1024w, https:\/\/www.aiutu-corsu.org\/wordpress\/wp-content\/uploads\/2021\/10\/Article-Corse-Matin-13-10-2021-300x225.png 300w, https:\/\/www.aiutu-corsu.org\/wordpress\/wp-content\/uploads\/2021\/10\/Article-Corse-Matin-13-10-2021-768x577.png 768w, https:\/\/www.aiutu-corsu.org\/wordpress\/wp-content\/uploads\/2021\/10\/Article-Corse-Matin-13-10-2021-678x509.png 678w, https:\/\/www.aiutu-corsu.org\/wordpress\/wp-content\/uploads\/2021\/10\/Article-Corse-Matin-13-10-2021-326x245.png 326w, https:\/\/www.aiutu-corsu.org\/wordpress\/wp-content\/uploads\/2021\/10\/Article-Corse-Matin-13-10-2021-80x60.png 80w, https:\/\/www.aiutu-corsu.org\/wordpress\/wp-content\/uploads\/2021\/10\/Article-Corse-Matin-13-10-2021.png 1346w\" sizes=\"(max-width: 1024px) 100vw, 1024px\" \/><\/a><\/figure><div class=\"wp-block-media-text__content\">\n<p><strong>Article Corse-Matin<\/strong> dans le cadre de la <strong>Semaine de la Sant\u00e9 Sexuelle 2021<\/strong><\/p>\n\n\n\n<p><em>Le \u00ab\u00a0village sant\u00e9 sexuelle\u00a0\u00bb implant\u00e9 \u00e0 l&rsquo;universit\u00e9<\/em><\/p>\n\n\n\n<p>Article du 13\/10\/2021<\/p>\n\n\n\n<p><a href=\"https:\/\/www.corsematin.com\/articles\/le-village-sante-sexuelle-implante-a-luniversite-de-corse-120929\" target=\"_blank\" rel=\"noreferrer noopener\">&gt; Consulter cet article sur le site de Corse-Matin<\/a><\/p>\n<\/div><\/div>\n\n\n\n<div style=\"height:20px\" aria-hidden=\"true\" class=\"wp-block-spacer\"><\/div>\n\n\n\n<hr class=\"wp-block-separator is-style-wide\"\/>\n\n\n\n<div style=\"height:20px\" aria-hidden=\"true\" class=\"wp-block-spacer\"><\/div>\n\n\n\n<figure class=\"wp-block-embed-dailymotion wp-block-embed is-type-video is-provider-dailymotion wp-embed-aspect-16-9 wp-has-aspect-ratio\"><div class=\"wp-block-embed__wrapper\">\n<iframe loading=\"lazy\" title=\"L&#039;invit\u00e9e de la r\u00e9daction : Val\u00e9riane Grisoni\" frameborder=\"0\" width=\"500\" height=\"281\" src=\"https:\/\/www.dailymotion.com\/embed\/video\/x84sve2?pubtool=oembed\" allowfullscreen allow=\"autoplay\"><\/iframe>\n<\/div><figcaption>Val\u00e9riane Grisoni, Directrice Adjointe \u00e0 la Promotion de la Sant\u00e9 et de la Pr\u00e9vention Sanitaire de la Collectivit\u00e9 de Corse est l&rsquo;invit\u00e9e de la r\u00e9daction de France Bleu RCFM<\/figcaption><\/figure>\n\n\n\n<div style=\"height:20px\" aria-hidden=\"true\" class=\"wp-block-spacer\"><\/div>\n\n\n\n<hr class=\"wp-block-separator is-style-wide\"\/>\n\n\n\n<div style=\"height:20px\" aria-hidden=\"true\" class=\"wp-block-spacer\"><\/div>\n\n\n\n<figure class=\"wp-block-audio\"><audio controls src=\"https:\/\/www.aiutu-corsu.org\/wordpress\/wp-content\/uploads\/2021\/10\/RCFM-12-10-2021-Decoupe.mp3\"><\/audio><figcaption>Reportage au journal RCFM du 12 octobre 2021 sur la Semaine de la Sant\u00e9 Sexuelle<\/figcaption><\/figure>\n\n\n\n<div style=\"height:20px\" aria-hidden=\"true\" class=\"wp-block-spacer\"><\/div>\n\n\n\n<hr class=\"wp-block-separator is-style-wide\"\/>\n\n\n\n<div style=\"height:20px\" aria-hidden=\"true\" class=\"wp-block-spacer\"><\/div>\n\n\n\n<div class=\"wp-block-media-text alignwide is-stacked-on-mobile is-vertically-aligned-top\"><figure class=\"wp-block-media-text__media\"><a href=\"https:\/\/www.aiutu-corsu.org\/wordpress\/wp-content\/uploads\/2021\/10\/Article-Corse-Matin-12-10-2021.jpg\" target=\"_blank\" rel=\"noopener noreferrer\"><img loading=\"lazy\" decoding=\"async\" width=\"726\" height=\"1024\" src=\"https:\/\/www.aiutu-corsu.org\/wordpress\/wp-content\/uploads\/2021\/10\/Article-Corse-Matin-12-10-2021-726x1024.jpg\" alt=\"\" class=\"wp-image-5507\" srcset=\"https:\/\/www.aiutu-corsu.org\/wordpress\/wp-content\/uploads\/2021\/10\/Article-Corse-Matin-12-10-2021-726x1024.jpg 726w, https:\/\/www.aiutu-corsu.org\/wordpress\/wp-content\/uploads\/2021\/10\/Article-Corse-Matin-12-10-2021-213x300.jpg 213w, https:\/\/www.aiutu-corsu.org\/wordpress\/wp-content\/uploads\/2021\/10\/Article-Corse-Matin-12-10-2021-768x1084.jpg 768w, https:\/\/www.aiutu-corsu.org\/wordpress\/wp-content\/uploads\/2021\/10\/Article-Corse-Matin-12-10-2021-1089x1536.jpg 1089w, https:\/\/www.aiutu-corsu.org\/wordpress\/wp-content\/uploads\/2021\/10\/Article-Corse-Matin-12-10-2021.jpg 1421w\" sizes=\"(max-width: 726px) 100vw, 726px\" \/><\/a><\/figure><div class=\"wp-block-media-text__content\">\n<p><strong>Article Corse-Matin<\/strong> dans le cadre de la <strong>Semaine de la Sant\u00e9 Sexuelle 2021<\/strong><\/p>\n\n\n\n<p><em>Le temps est venu de parler de sexualit\u00e9 sur l&rsquo;\u00eele<\/em><\/p>\n\n\n\n<p>Article du 12\/10\/2021<\/p>\n\n\n\n<p><a href=\"https:\/\/www.corsematin.com\/articles\/le-temps-est-venu-de-parler-de-sexualite-en-corse-120911\" target=\"_blank\" rel=\"noreferrer noopener\">&gt; Consulter cet article sur le site de Corse-Matin<\/a><\/p>\n<\/div><\/div>\n\n\n\n<div style=\"height:20px\" aria-hidden=\"true\" class=\"wp-block-spacer\"><\/div>\n\n\n\n<hr class=\"wp-block-separator is-style-wide\"\/>\n\n\n\n<div style=\"height:20px\" aria-hidden=\"true\" class=\"wp-block-spacer\"><\/div>\n\n\n\n<div style=\"position:relative;padding-bottom:57.25%;\"><iframe style=\"position:absolute;top:0;left:0;width:100%;height:100%;\" frameborder=\"0\" allowfullscreen=\"allowfullscreen\" allow=\"fullscreen;geolocation\" src=\"https:\/\/player.myvideoplace.tv\/?v=TELE_PAD_141021-2\"><\/iframe><\/div>\n\n\n\n<p>Reportage <a href=\"https:\/\/viatelepaese.tv\/premiere-semaine-de-la-sante-sexuelle-en-corse\/\" target=\"_blank\" rel=\"noreferrer noopener\">T\u00e9l\u00e9 Paese<\/a> du 14 octobre 2021<\/p>\n\n\n\n<div style=\"height:20px\" aria-hidden=\"true\" class=\"wp-block-spacer\"><\/div>\n\n\n\n<hr class=\"wp-block-separator is-style-wide\"\/>\n\n\n\n<div style=\"height:20px\" aria-hidden=\"true\" class=\"wp-block-spacer\"><\/div>\n\n\n\n<div class=\"wp-block-media-text alignwide is-stacked-on-mobile is-vertically-aligned-top\"><figure class=\"wp-block-media-text__media\"><a href=\"https:\/\/www.aiutu-corsu.org\/wordpress\/wp-content\/uploads\/2021\/10\/Article-Corse-Net-Infos-11-10-2021.jpg\" target=\"_blank\" rel=\"noopener noreferrer\"><img loading=\"lazy\" decoding=\"async\" width=\"397\" height=\"1024\" src=\"https:\/\/www.aiutu-corsu.org\/wordpress\/wp-content\/uploads\/2021\/10\/Article-Corse-Net-Infos-11-10-2021-397x1024.jpg\" alt=\"\" class=\"wp-image-5504\" srcset=\"https:\/\/www.aiutu-corsu.org\/wordpress\/wp-content\/uploads\/2021\/10\/Article-Corse-Net-Infos-11-10-2021-397x1024.jpg 397w, https:\/\/www.aiutu-corsu.org\/wordpress\/wp-content\/uploads\/2021\/10\/Article-Corse-Net-Infos-11-10-2021-116x300.jpg 116w, https:\/\/www.aiutu-corsu.org\/wordpress\/wp-content\/uploads\/2021\/10\/Article-Corse-Net-Infos-11-10-2021-595x1536.jpg 595w, https:\/\/www.aiutu-corsu.org\/wordpress\/wp-content\/uploads\/2021\/10\/Article-Corse-Net-Infos-11-10-2021.jpg 737w\" sizes=\"(max-width: 397px) 100vw, 397px\" \/><\/a><\/figure><div class=\"wp-block-media-text__content\">\n<p><strong>Article Corse Net Infos<\/strong> dans le cadre de la <strong>Semaine de la Sant\u00e9 Sexuelle 2021<\/strong><\/p>\n\n\n\n<p><em>Corse : une semaine pour briser les tabous de la sexualit\u00e9<\/em><\/p>\n\n\n\n<p>Article du 11\/10\/2021<\/p>\n\n\n\n<p><a href=\"https:\/\/www.corsenetinfos.corsica\/Corse-une-semaine-pour-briser-les-tabous-de-la-sexualite_a60651.html\" target=\"_blank\" rel=\"noreferrer noopener\">&gt; Consulter cet article sur le site de Corse Net Infos<\/a><\/p>\n<\/div><\/div>\n\n\n\n<div style=\"height:20px\" aria-hidden=\"true\" class=\"wp-block-spacer\"><\/div>\n\n\n\n<hr class=\"wp-block-separator is-style-wide\"\/>\n\n\n\n<div style=\"height:20px\" aria-hidden=\"true\" class=\"wp-block-spacer\"><\/div>\n\n\n\n<div class=\"wp-block-media-text alignwide is-stacked-on-mobile is-vertically-aligned-top\"><figure class=\"wp-block-media-text__media\"><a href=\"https:\/\/www.aiutu-corsu.org\/wordpress\/wp-content\/uploads\/2021\/10\/Article-LePetitCorse-10-10-2021.jpg\" target=\"_blank\" rel=\"noopener noreferrer\"><img loading=\"lazy\" decoding=\"async\" width=\"508\" height=\"1024\" src=\"https:\/\/www.aiutu-corsu.org\/wordpress\/wp-content\/uploads\/2021\/10\/Article-LePetitCorse-10-10-2021-508x1024.jpg\" alt=\"\" class=\"wp-image-5501\" srcset=\"https:\/\/www.aiutu-corsu.org\/wordpress\/wp-content\/uploads\/2021\/10\/Article-LePetitCorse-10-10-2021-508x1024.jpg 508w, https:\/\/www.aiutu-corsu.org\/wordpress\/wp-content\/uploads\/2021\/10\/Article-LePetitCorse-10-10-2021-149x300.jpg 149w, https:\/\/www.aiutu-corsu.org\/wordpress\/wp-content\/uploads\/2021\/10\/Article-LePetitCorse-10-10-2021-768x1548.jpg 768w, https:\/\/www.aiutu-corsu.org\/wordpress\/wp-content\/uploads\/2021\/10\/Article-LePetitCorse-10-10-2021-762x1536.jpg 762w, https:\/\/www.aiutu-corsu.org\/wordpress\/wp-content\/uploads\/2021\/10\/Article-LePetitCorse-10-10-2021-1016x2048.jpg 1016w, https:\/\/www.aiutu-corsu.org\/wordpress\/wp-content\/uploads\/2021\/10\/Article-LePetitCorse-10-10-2021.jpg 1099w\" sizes=\"(max-width: 508px) 100vw, 508px\" \/><\/a><\/figure><div class=\"wp-block-media-text__content\">\n<p><strong>Article Le Petit Corse<\/strong> dans le cadre de la <strong>Semaine de la Sant\u00e9 Sexuelle 2021<\/strong><\/p>\n\n\n\n<p><em>Semaine de la sant\u00e9 sexuelle en Corse &#8211; du 11 au 15 octobre 2021<\/em><\/p>\n\n\n\n<p>Article du 10\/10\/2021<\/p>\n\n\n\n<p><a rel=\"noreferrer noopener\" href=\"https:\/\/journal-lepetitcorse.fr\/2021\/10\/10\/semaine-de-la-sante-sexuelle-en-corse-du-11-au-15-octobre-2021\/\" target=\"_blank\">&gt; Consulter cet article sur le site du Journal Le Petit Cors<\/a><a href=\"https:\/\/journal-lepetitcorse.fr\/2021\/10\/10\/semaine-de-la-sante-sexuelle-en-corse-du-11-au-15-octobre-2021\/\" target=\"_blank\" rel=\"noreferrer noopener\">e<\/a><\/p>\n<\/div><\/div>\n\n\n\n<div style=\"height:20px\" aria-hidden=\"true\" class=\"wp-block-spacer\"><\/div>\n\n\n\n<hr class=\"wp-block-separator is-style-wide\"\/>\n\n\n\n<div style=\"height:20px\" aria-hidden=\"true\" class=\"wp-block-spacer\"><\/div>\n\n\n\n<div class=\"wp-block-media-text alignwide is-stacked-on-mobile is-vertically-aligned-top\"><figure class=\"wp-block-media-text__media\"><a href=\"https:\/\/www.aiutu-corsu.org\/wordpress\/wp-content\/uploads\/2021\/10\/Article-France3Corse-08-10-2021-scaled.jpg\" target=\"_blank\" rel=\"noopener noreferrer\"><img loading=\"lazy\" decoding=\"async\" width=\"333\" height=\"1024\" src=\"https:\/\/www.aiutu-corsu.org\/wordpress\/wp-content\/uploads\/2021\/10\/Article-France3Corse-08-10-2021-333x1024.jpg\" alt=\"\" class=\"wp-image-5493\" srcset=\"https:\/\/www.aiutu-corsu.org\/wordpress\/wp-content\/uploads\/2021\/10\/Article-France3Corse-08-10-2021-333x1024.jpg 333w, https:\/\/www.aiutu-corsu.org\/wordpress\/wp-content\/uploads\/2021\/10\/Article-France3Corse-08-10-2021-98x300.jpg 98w, https:\/\/www.aiutu-corsu.org\/wordpress\/wp-content\/uploads\/2021\/10\/Article-France3Corse-08-10-2021-768x2359.jpg 768w, https:\/\/www.aiutu-corsu.org\/wordpress\/wp-content\/uploads\/2021\/10\/Article-France3Corse-08-10-2021-500x1536.jpg 500w, https:\/\/www.aiutu-corsu.org\/wordpress\/wp-content\/uploads\/2021\/10\/Article-France3Corse-08-10-2021-scaled.jpg 833w\" sizes=\"(max-width: 333px) 100vw, 333px\" \/><\/a><\/figure><div class=\"wp-block-media-text__content\">\n<p><strong>Article France 3 Corse Via Stella<\/strong> dans le cadre de la <strong>Semaine de la Sant\u00e9 Sexuelle 2021<\/strong><\/p>\n\n\n\n<p><em>La Corse organise sa premi\u00e8re semaine de la sant\u00e9 sexuelle<\/em><\/p>\n\n\n\n<p>Article du 08\/10\/2021<\/p>\n\n\n\n<p><a href=\"https:\/\/france3-regions.francetvinfo.fr\/corse\/la-corse-organise-sa-premiere-semaine-de-la-sante-sexuelle-2284303.html\" target=\"_blank\" rel=\"noreferrer noopener\">&gt; Consulter cet article sur le site de France 3 Corse Via Stella<\/a><\/p>\n<\/div><\/div>\n\n\n\n<div style=\"height:20px\" aria-hidden=\"true\" class=\"wp-block-spacer\"><\/div>\n\n\n\n<hr class=\"wp-block-separator is-style-wide\"\/>\n\n\n\n<div style=\"height:20px\" aria-hidden=\"true\" class=\"wp-block-spacer\"><\/div>\n\n\n\n<figure class=\"wp-block-embed-youtube wp-block-embed is-type-video is-provider-youtube wp-embed-aspect-16-9 wp-has-aspect-ratio\"><div class=\"wp-block-embed__wrapper\">\n<iframe loading=\"lazy\" title=\"Aiutu Corsu chez Frequenza Nostra en Facebook Live !\" width=\"500\" height=\"281\" src=\"https:\/\/www.youtube.com\/embed\/H3DLe0_ir88?feature=oembed\" frameborder=\"0\" allow=\"accelerometer; autoplay; clipboard-write; encrypted-media; gyroscope; picture-in-picture\" allowfullscreen><\/iframe>\n<\/div><figcaption>Frequenza Nostra, en Facebook Live le 07\/09\/2021<\/figcaption><\/figure>\n\n\n\n<div style=\"height:20px\" aria-hidden=\"true\" class=\"wp-block-spacer\"><\/div>\n\n\n\n<hr class=\"wp-block-separator is-style-wide\"\/>\n\n\n\n<div style=\"height:20px\" aria-hidden=\"true\" class=\"wp-block-spacer\"><\/div>\n\n\n\n<div class=\"wp-block-media-text alignwide is-stacked-on-mobile\"><figure class=\"wp-block-media-text__media\"><a href=\"https:\/\/france3-regions.francetvinfo.fr\/corse\/sidaction-on-estime-aujourd-hui-que-plus-de-25-000-personnes-sont-seropositives-en-france-et-l-ignorent-2019937.html\" target=\"_blank\" rel=\"noopener noreferrer\"><img loading=\"lazy\" decoding=\"async\" width=\"792\" height=\"870\" src=\"https:\/\/www.aiutu-corsu.org\/wordpress\/wp-content\/uploads\/2021\/09\/CaptureArticle01.jpg\" alt=\"\" class=\"wp-image-5444\" srcset=\"https:\/\/www.aiutu-corsu.org\/wordpress\/wp-content\/uploads\/2021\/09\/CaptureArticle01.jpg 792w, https:\/\/www.aiutu-corsu.org\/wordpress\/wp-content\/uploads\/2021\/09\/CaptureArticle01-273x300.jpg 273w, https:\/\/www.aiutu-corsu.org\/wordpress\/wp-content\/uploads\/2021\/09\/CaptureArticle01-768x844.jpg 768w\" sizes=\"(max-width: 792px) 100vw, 792px\" \/><\/a><\/figure><div class=\"wp-block-media-text__content\">\n<p><strong>Article France 3 Corse Via Stella<\/strong> dans le cadre de la <strong>Campagne de pr\u00e9vention estivale Aiutu Corsu<\/strong><\/p>\n\n\n\n<p><em>Les r\u00e9seaux comme nouvelle force de frappe pour la campagne de pr\u00e9vention estivale VIH\/SIDA<\/em><\/p>\n\n\n\n<p>Article du 08\/08\/2021<\/p>\n\n\n\n<p><a href=\"https:\/\/france3-regions.francetvinfo.fr\/corse\/les-reseaux-comme-nouvelle-force-de-frappe-pour-la-campagne-de-prevention-estivale-vih-sida-2208037.html\" target=\"_blank\" rel=\"noreferrer noopener\">&gt; Consulter cet article sur le site de France 3 Corse Via Stella<\/a><\/p>\n<\/div><\/div>\n\n\n\n<div style=\"height:20px\" aria-hidden=\"true\" class=\"wp-block-spacer\"><\/div>\n\n\n\n<hr class=\"wp-block-separator is-style-wide\"\/>\n\n\n\n<div style=\"height:20px\" aria-hidden=\"true\" class=\"wp-block-spacer\"><\/div>\n\n\n\n<div class=\"wp-block-media-text alignwide is-stacked-on-mobile\"><figure class=\"wp-block-media-text__media\"><a href=\"https:\/\/france3-regions.francetvinfo.fr\/corse\/sidaction-on-estime-aujourd-hui-que-plus-de-25-000-personnes-sont-seropositives-en-france-et-l-ignorent-2019937.html\" target=\"_blank\" rel=\"noopener noreferrer\"><img loading=\"lazy\" decoding=\"async\" width=\"486\" height=\"732\" src=\"https:\/\/www.aiutu-corsu.org\/wordpress\/wp-content\/uploads\/2021\/09\/CaptureArticle02.jpg\" alt=\"\" class=\"wp-image-5445\" srcset=\"https:\/\/www.aiutu-corsu.org\/wordpress\/wp-content\/uploads\/2021\/09\/CaptureArticle02.jpg 486w, https:\/\/www.aiutu-corsu.org\/wordpress\/wp-content\/uploads\/2021\/09\/CaptureArticle02-199x300.jpg 199w\" sizes=\"(max-width: 486px) 100vw, 486px\" \/><\/a><\/figure><div class=\"wp-block-media-text__content\">\n<p><strong>Article Corse Net Infos<\/strong> dans le cadre de la <strong>Campagne de pr\u00e9vention estivale Aiutu Corsu<\/strong><\/p>\n\n\n\n<p><em>Pr\u00e9vention du sida : les lyc\u00e9ens du Finosello mobilis\u00e9s<\/em><\/p>\n\n\n\n<p>Article du 02\/07\/2021<\/p>\n\n\n\n<p><a rel=\"noreferrer noopener\" href=\"https:\/\/www.corsenetinfos.corsica\/Prevention-du-sida-les-lyceens-du-Finosello-mobilises_a58690.html\" target=\"_blank\">&gt; Consulter cet article sur le site de Corse Net Infos<\/a><\/p>\n<\/div><\/div>\n\n\n\n<div style=\"height:20px\" aria-hidden=\"true\" class=\"wp-block-spacer\"><\/div>\n\n\n\n<hr class=\"wp-block-separator is-style-wide\"\/>\n\n\n\n<div style=\"height:20px\" aria-hidden=\"true\" class=\"wp-block-spacer\"><\/div>\n\n\n\n<figure class=\"wp-block-embed-youtube wp-block-embed is-type-video is-provider-youtube wp-embed-aspect-16-9 wp-has-aspect-ratio\"><div class=\"wp-block-embed__wrapper\">\n<iframe loading=\"lazy\" title=\"Sidaction 2021 au Corsica Sera de France 3 Corse Via Stella\" width=\"500\" height=\"281\" src=\"https:\/\/www.youtube.com\/embed\/NHdXGQdXyBk?feature=oembed\" frameborder=\"0\" allow=\"accelerometer; autoplay; clipboard-write; encrypted-media; gyroscope; picture-in-picture\" allowfullscreen><\/iframe>\n<\/div><figcaption>Sidaction 2021 au 19\/20 de France 3 Corse &#8211; Via Stella<\/figcaption><\/figure>\n\n\n\n<div style=\"height:20px\" aria-hidden=\"true\" class=\"wp-block-spacer\"><\/div>\n\n\n\n<hr class=\"wp-block-separator is-style-wide\"\/>\n\n\n\n<div style=\"height:20px\" aria-hidden=\"true\" class=\"wp-block-spacer\"><\/div>\n\n\n\n<div class=\"wp-block-media-text alignwide is-stacked-on-mobile\"><figure class=\"wp-block-media-text__media\"><a href=\"https:\/\/france3-regions.francetvinfo.fr\/corse\/sidaction-on-estime-aujourd-hui-que-plus-de-25-000-personnes-sont-seropositives-en-france-et-l-ignorent-2019937.html\" target=\"_blank\" rel=\"noopener noreferrer\"><img loading=\"lazy\" decoding=\"async\" width=\"976\" height=\"882\" src=\"https:\/\/www.aiutu-corsu.org\/wordpress\/wp-content\/uploads\/2021\/03\/CaptureArticle.jpg\" alt=\"\" class=\"wp-image-5295\" srcset=\"https:\/\/www.aiutu-corsu.org\/wordpress\/wp-content\/uploads\/2021\/03\/CaptureArticle.jpg 976w, https:\/\/www.aiutu-corsu.org\/wordpress\/wp-content\/uploads\/2021\/03\/CaptureArticle-300x271.jpg 300w, https:\/\/www.aiutu-corsu.org\/wordpress\/wp-content\/uploads\/2021\/03\/CaptureArticle-768x694.jpg 768w\" sizes=\"(max-width: 976px) 100vw, 976px\" \/><\/a><\/figure><div class=\"wp-block-media-text__content\">\n<p><strong>Article France 3 Corse Via Stella<\/strong> dans le cadre du <strong>Sidaction<\/strong><\/p>\n\n\n\n<p><em>Sidaction : \u00ab\u00a0On estime aujourd&rsquo;hui que plus de 25.000 personnes sont s\u00e9ropositives en France et l&rsquo;ignorent\u00a0\u00bb<\/em><\/p>\n\n\n\n<p>Article du 28\/03\/2021<\/p>\n\n\n\n<p><a href=\"https:\/\/france3-regions.francetvinfo.fr\/corse\/sidaction-on-estime-aujourd-hui-que-plus-de-25-000-personnes-sont-seropositives-en-france-et-l-ignorent-2019937.html\" target=\"_blank\" rel=\"noreferrer noopener\">&gt; Consulter cet article sur le site de France 3 Corse Via Stella<\/a><\/p>\n<\/div><\/div>\n\n\n\n<p><\/p>\n\n\n\n<p><\/p>\n","protected":false},"excerpt":{"rendered":"<p>Article Corse Net Infos dans le cadre de la Journ\u00e9e Mondiale de Lutte Contre le SIDA 2021 Sida en Corse : les d\u00e9pistages encore trop bas Article du 02\/12\/2021 &gt; Consulter cet article sur le site de Corse Net Infos Article Corse-Matin dans le cadre de la Semaine de la Sant\u00e9 Sexuelle 2021 Le \u00ab\u00a0village [&hellip;]<\/p>\n","protected":false},"author":191,"featured_media":0,"parent":0,"menu_order":0,"comment_status":"closed","ping_status":"closed","template":"","meta":{"footnotes":""},"_links":{"self":[{"href":"https:\/\/www.aiutu-corsu.org\/wordpress\/wp-json\/wp\/v2\/pages\/5292"}],"collection":[{"href":"https:\/\/www.aiutu-corsu.org\/wordpress\/wp-json\/wp\/v2\/pages"}],"about":[{"href":"https:\/\/www.aiutu-corsu.org\/wordpress\/wp-json\/wp\/v2\/types\/page"}],"author":[{"embeddable":true,"href":"https:\/\/www.aiutu-corsu.org\/wordpress\/wp-json\/wp\/v2\/users\/191"}],"replies":[{"embeddable":true,"href":"https:\/\/www.aiutu-corsu.org\/wordpress\/wp-json\/wp\/v2\/comments?post=5292"}],"version-history":[{"count":23,"href":"https:\/\/www.aiutu-corsu.org\/wordpress\/wp-json\/wp\/v2\/pages\/5292\/revisions"}],"predecessor-version":[{"id":5713,"href":"https:\/\/www.aiutu-corsu.org\/wordpress\/wp-json\/wp\/v2\/pages\/5292\/revisions\/5713"}],"wp:attachment":[{"href":"https:\/\/www.aiutu-corsu.org\/wordpress\/wp-json\/wp\/v2\/media?parent=5292"}],"curies":[{"name":"wp","href":"https:\/\/api.w.org\/{rel}","templated":true}]}}