{"id":5087,"date":"2021-01-06T11:55:22","date_gmt":"2021-01-06T10:55:22","guid":{"rendered":"https:\/\/www.aiutu-corsu.org\/wordpress\/?page_id=5087"},"modified":"2021-02-16T12:28:39","modified_gmt":"2021-02-16T11:28:39","slug":"presse-medias-2020","status":"publish","type":"page","link":"https:\/\/www.aiutu-corsu.org\/wordpress\/presse-medias-2020\/","title":{"rendered":"Presse \/ M\u00e9dias 2020"},"content":{"rendered":"\n<div class=\"wp-block-media-text alignwide is-stacked-on-mobile\"><figure class=\"wp-block-media-text__media\"><a href=\"https:\/\/www.journaldelacorse.corsica\/articles\/413\/sida-la-lutte-continue\" target=\"_blank\" rel=\"noopener noreferrer\"><img loading=\"lazy\" decoding=\"async\" width=\"473\" height=\"721\" src=\"https:\/\/www.aiutu-corsu.org\/wordpress\/wp-content\/uploads\/2021\/02\/Capture-Journal-De-La-Corse.jpg\" alt=\"\" class=\"wp-image-5224\" srcset=\"https:\/\/www.aiutu-corsu.org\/wordpress\/wp-content\/uploads\/2021\/02\/Capture-Journal-De-La-Corse.jpg 473w, https:\/\/www.aiutu-corsu.org\/wordpress\/wp-content\/uploads\/2021\/02\/Capture-Journal-De-La-Corse-197x300.jpg 197w\" sizes=\"(max-width: 473px) 100vw, 473px\" \/><\/a><\/figure><div class=\"wp-block-media-text__content\">\n<p><strong>Article Journal de la Corse<\/strong><\/p>\n\n\n\n<p><em>Sida, la lutte continue<\/em><\/p>\n\n\n\n<p>Article du 13\/12\/2020<\/p>\n\n\n\n<p><a href=\"https:\/\/www.journaldelacorse.corsica\/articles\/413\/sida-la-lutte-continue\" target=\"_blank\" rel=\"noreferrer noopener\">> Consultez l&rsquo;article sur le site du Journal de la Corse<\/a><\/p>\n<\/div><\/div>\n\n\n\n<div style=\"height:20px\" aria-hidden=\"true\" class=\"wp-block-spacer\"><\/div>\n\n\n\n<hr class=\"wp-block-separator is-style-wide\"\/>\n\n\n\n<div style=\"height:20px\" aria-hidden=\"true\" class=\"wp-block-spacer\"><\/div>\n\n\n\n<div class=\"wp-block-media-text alignwide is-stacked-on-mobile\"><figure class=\"wp-block-media-text__media\"><img loading=\"lazy\" decoding=\"async\" width=\"592\" height=\"1024\" src=\"https:\/\/www.aiutu-corsu.org\/wordpress\/wp-content\/uploads\/2020\/12\/Capture-decran-2020-12-02-052217-592x1024.jpg\" alt=\"\" class=\"wp-image-4943\" srcset=\"https:\/\/www.aiutu-corsu.org\/wordpress\/wp-content\/uploads\/2020\/12\/Capture-decran-2020-12-02-052217-592x1024.jpg 592w, https:\/\/www.aiutu-corsu.org\/wordpress\/wp-content\/uploads\/2020\/12\/Capture-decran-2020-12-02-052217-173x300.jpg 173w, https:\/\/www.aiutu-corsu.org\/wordpress\/wp-content\/uploads\/2020\/12\/Capture-decran-2020-12-02-052217-768x1328.jpg 768w, https:\/\/www.aiutu-corsu.org\/wordpress\/wp-content\/uploads\/2020\/12\/Capture-decran-2020-12-02-052217.jpg 784w\" sizes=\"(max-width: 592px) 100vw, 592px\" \/><\/figure><div class=\"wp-block-media-text__content\">\n<p><strong>Article Corse-Matin<\/strong><\/p>\n\n\n\n<p><em>Sidaction plomb\u00e9 par la Covid<\/em><\/p>\n\n\n\n<p>Article du 02\/12\/2020<\/p>\n<\/div><\/div>\n\n\n\n<div style=\"height:20px\" aria-hidden=\"true\" class=\"wp-block-spacer\"><\/div>\n\n\n\n<hr class=\"wp-block-separator is-style-wide\"\/>\n\n\n\n<div style=\"height:20px\" aria-hidden=\"true\" class=\"wp-block-spacer\"><\/div>\n\n\n\n<div class=\"wp-block-media-text alignwide is-stacked-on-mobile\"><figure class=\"wp-block-media-text__media\"><a href=\"https:\/\/france3-regions.francetvinfo.fr\/corse\/corse-du-sud\/grand-ajaccio\/sida-on-estime-aujourd-hui-que-plus-25000-personnes-sont-seropositives-france-ignorent-1900710.html?fbclid=IwAR1VUt1P94SWy1OtEcxI-PDTXwLR3DmuPXTKwKZeXyZ8IjayyhDUsAe0VV0\" target=\"_blank\" rel=\"noopener noreferrer\"><img loading=\"lazy\" decoding=\"async\" width=\"788\" height=\"767\" src=\"https:\/\/www.aiutu-corsu.org\/wordpress\/wp-content\/uploads\/2021\/01\/CaptureFR3.jpg\" alt=\"\" class=\"wp-image-5095\" srcset=\"https:\/\/www.aiutu-corsu.org\/wordpress\/wp-content\/uploads\/2021\/01\/CaptureFR3.jpg 788w, https:\/\/www.aiutu-corsu.org\/wordpress\/wp-content\/uploads\/2021\/01\/CaptureFR3-300x292.jpg 300w, https:\/\/www.aiutu-corsu.org\/wordpress\/wp-content\/uploads\/2021\/01\/CaptureFR3-768x748.jpg 768w\" sizes=\"(max-width: 788px) 100vw, 788px\" \/><\/a><\/figure><div class=\"wp-block-media-text__content\">\n<p><strong>Article France 3 Corse Via Stella<\/strong> dans le cadre de la <strong>Journ\u00e9e Mondiale de Lutte Contre le Sida<\/strong><\/p>\n\n\n\n<p><em>Sida : \u00ab\u00a0On estime aujourd&rsquo;hui que plus de 25.000 personnes sont s\u00e9ropositives en France et l&rsquo;ignorent\u00a0\u00bb<\/em><\/p>\n\n\n\n<p>Article du 01\/12\/2020<\/p>\n\n\n\n<p><a href=\"https:\/\/france3-regions.francetvinfo.fr\/corse\/corse-du-sud\/grand-ajaccio\/sida-on-estime-aujourd-hui-que-plus-25000-personnes-sont-seropositives-france-ignorent-1900710.html?fbclid=IwAR1VUt1P94SWy1OtEcxI-PDTXwLR3DmuPXTKwKZeXyZ8IjayyhDUsAe0VV0\" target=\"_blank\" rel=\"noreferrer noopener\">&gt; Consulter cet article sur le site de France 3 Corse Via Stella<\/a><\/p>\n<\/div><\/div>\n\n\n\n<div style=\"height:20px\" aria-hidden=\"true\" class=\"wp-block-spacer\"><\/div>\n\n\n\n<hr class=\"wp-block-separator is-style-wide\"\/>\n\n\n\n<div style=\"height:20px\" aria-hidden=\"true\" class=\"wp-block-spacer\"><\/div>\n\n\n\n<figure class=\"wp-block-embed-youtube wp-block-embed is-type-video is-provider-youtube wp-embed-aspect-16-9 wp-has-aspect-ratio\"><div class=\"wp-block-embed__wrapper\">\n<iframe loading=\"lazy\" title=\"Journ\u00e9e Mondiale de Lutte Contre le Sida chez Aiutu Corsu\" width=\"500\" height=\"281\" src=\"https:\/\/www.youtube.com\/embed\/kKQMdz--BVM?feature=oembed\" frameborder=\"0\" allow=\"accelerometer; autoplay; clipboard-write; encrypted-media; gyroscope; picture-in-picture\" allowfullscreen><\/iframe>\n<\/div><figcaption>Journ\u00e9e Mondiale de Lutte Contre le Sida chez Aiutu Corsu \u00e0 T\u00e9l\u00e9matin<\/figcaption><\/figure>\n\n\n\n<div style=\"height:20px\" aria-hidden=\"true\" class=\"wp-block-spacer\"><\/div>\n\n\n\n<hr class=\"wp-block-separator is-style-wide\"\/>\n\n\n\n<div style=\"height:20px\" aria-hidden=\"true\" class=\"wp-block-spacer\"><\/div>\n\n\n\n<div class=\"wp-block-media-text alignwide is-stacked-on-mobile\"><figure class=\"wp-block-media-text__media\"><a href=\"https:\/\/www.aiutu-corsu.org\/wordpress\/wp-content\/uploads\/2021\/01\/CaptureAF.jpg\" target=\"_blank\" rel=\"noopener noreferrer\"><img loading=\"lazy\" decoding=\"async\" width=\"514\" height=\"693\" src=\"https:\/\/www.aiutu-corsu.org\/wordpress\/wp-content\/uploads\/2021\/01\/CaptureAF.jpg\" alt=\"\" class=\"wp-image-5089\" srcset=\"https:\/\/www.aiutu-corsu.org\/wordpress\/wp-content\/uploads\/2021\/01\/CaptureAF.jpg 514w, https:\/\/www.aiutu-corsu.org\/wordpress\/wp-content\/uploads\/2021\/01\/CaptureAF-223x300.jpg 223w\" sizes=\"(max-width: 514px) 100vw, 514px\" \/><\/a><\/figure><div class=\"wp-block-media-text__content\">\n<p><strong>Article Alta Frequenza<\/strong><\/p>\n\n\n\n<p><em>Article dans le cadre de la Journ\u00e9e Mondiale de Lutte Contre le Sida<\/em><\/p>\n\n\n\n<p>Article du 01\/12\/2020<\/p>\n\n\n\n<p><a href=\"https:\/\/www.alta-frequenza.corsica\/actu\/le_1er_decembre_c_est_journee_mondiale_de_lutte_contre_le_sida_105693?fbclid=IwAR3SXXjPUSQszVQyWHVZ6qqywgZdBc0ESDJ2UjiG_m8LfXU_bzGAPl80FRk\" target=\"_blank\" rel=\"noreferrer noopener\">&gt; Consultez l&rsquo;article sur le site d&rsquo;Alta Frequenza<\/a><\/p>\n\n\n\n<p>Ecoutez l&rsquo;interview de Sylvie Marcaggi, Pr\u00e9sidente d&rsquo;Aiutu Corsu :<\/p>\n\n\n\n<figure class=\"wp-block-audio\"><audio controls src=\"https:\/\/www.aiutu-corsu.org\/wordpress\/wp-content\/uploads\/2020\/12\/2020-JMS-Alta-Frequenza.mp3\"><\/audio><\/figure>\n\n\n\n<p><\/p>\n<\/div><\/div>\n\n\n\n<div style=\"height:20px\" aria-hidden=\"true\" class=\"wp-block-spacer\"><\/div>\n\n\n\n<hr class=\"wp-block-separator is-style-wide\"\/>\n\n\n\n<div style=\"height:20px\" aria-hidden=\"true\" class=\"wp-block-spacer\"><\/div>\n\n\n\n<div class=\"wp-block-media-text alignwide is-stacked-on-mobile\"><figure class=\"wp-block-media-text__media\"><a href=\"https:\/\/www.corsenetinfos.corsica\/Les-tests-de-depistage-du-Sida-en-chute-libre-en-Corse-2021-sera-catastrophique_a54023.html\" target=\"_blank\" rel=\"noopener noreferrer\"><img loading=\"lazy\" decoding=\"async\" width=\"658\" height=\"793\" src=\"https:\/\/www.aiutu-corsu.org\/wordpress\/wp-content\/uploads\/2021\/01\/CaptureCNI.jpg\" alt=\"\" class=\"wp-image-5093\" srcset=\"https:\/\/www.aiutu-corsu.org\/wordpress\/wp-content\/uploads\/2021\/01\/CaptureCNI.jpg 658w, https:\/\/www.aiutu-corsu.org\/wordpress\/wp-content\/uploads\/2021\/01\/CaptureCNI-249x300.jpg 249w\" sizes=\"(max-width: 658px) 100vw, 658px\" \/><\/a><\/figure><div class=\"wp-block-media-text__content\">\n<p><strong>Article Corse Net Infos<\/strong> dans le cadre de la <strong>Journ\u00e9e Mondiale de Lutte Contre le Sida<\/strong><\/p>\n\n\n\n<p><em>Les tests de d\u00e9pistage du Sida en chute libre en Corse : \u00ab\u00a02021 sera catastrophique\u00a0\u00bb<\/em><\/p>\n\n\n\n<p>Article du 01\/12\/2020<\/p>\n\n\n\n<p><a href=\"https:\/\/www.corsenetinfos.corsica\/Les-tests-de-depistage-du-Sida-en-chute-libre-en-Corse-2021-sera-catastrophique_a54023.html\" target=\"_blank\" rel=\"noreferrer noopener\">&gt; Consultez cet article sur le site de Corse Net Infos<\/a><\/p>\n<\/div><\/div>\n\n\n\n<div style=\"height:20px\" aria-hidden=\"true\" class=\"wp-block-spacer\"><\/div>\n\n\n\n<hr class=\"wp-block-separator is-style-wide\"\/>\n\n\n\n<div style=\"height:20px\" aria-hidden=\"true\" class=\"wp-block-spacer\"><\/div>\n\n\n\n<div class=\"wp-block-media-text alignwide is-stacked-on-mobile\"><figure class=\"wp-block-media-text__media\"><a href=\"https:\/\/soundcloud.com\/rcf-corsica\/sylvie-marcaggi-aiutu-corsu\" target=\"_blank\" rel=\"noopener noreferrer\"><img loading=\"lazy\" decoding=\"async\" width=\"500\" height=\"500\" src=\"https:\/\/www.aiutu-corsu.org\/wordpress\/wp-content\/uploads\/2021\/01\/avatars-000124230279-1raq15-t500x500.jpg\" alt=\"\" class=\"wp-image-5100\" srcset=\"https:\/\/www.aiutu-corsu.org\/wordpress\/wp-content\/uploads\/2021\/01\/avatars-000124230279-1raq15-t500x500.jpg 500w, https:\/\/www.aiutu-corsu.org\/wordpress\/wp-content\/uploads\/2021\/01\/avatars-000124230279-1raq15-t500x500-300x300.jpg 300w, https:\/\/www.aiutu-corsu.org\/wordpress\/wp-content\/uploads\/2021\/01\/avatars-000124230279-1raq15-t500x500-150x150.jpg 150w\" sizes=\"(max-width: 500px) 100vw, 500px\" \/><\/a><\/figure><div class=\"wp-block-media-text__content\">\n<p><strong>Passage sur RCF Corsica<\/strong><\/p>\n\n\n\n<p>Ecoutez l&rsquo;interview de Sylvie Marcaggi, Pr\u00e9sidente d&rsquo;Aiutu Corsu dans le cadre de la Journ\u00e9e Mondiale de Lutte Contre le Sida :<\/p>\n\n\n\n<figure class=\"wp-block-audio\"><audio controls src=\"https:\/\/www.aiutu-corsu.org\/wordpress\/wp-content\/uploads\/2021\/01\/RCF-Corsica-Sylvie-Marcaggi-Aiutu-Corsu-2.mp3\"><\/audio><\/figure>\n\n\n\n<p><\/p>\n\n\n\n<p>Article du 01\/12\/2020<\/p>\n\n\n\n<p><\/p>\n<\/div><\/div>\n\n\n\n<div style=\"height:20px\" aria-hidden=\"true\" class=\"wp-block-spacer\"><\/div>\n\n\n\n<hr class=\"wp-block-separator is-style-wide\"\/>\n\n\n\n<div style=\"height:20px\" aria-hidden=\"true\" class=\"wp-block-spacer\"><\/div>\n\n\n\n<div class=\"wp-block-media-text alignwide is-stacked-on-mobile\"><figure class=\"wp-block-media-text__media\"><img loading=\"lazy\" decoding=\"async\" width=\"250\" height=\"250\" src=\"https:\/\/www.aiutu-corsu.org\/wordpress\/wp-content\/uploads\/2020\/12\/FranceBleuRCFM.png\" alt=\"\" class=\"wp-image-4985\" srcset=\"https:\/\/www.aiutu-corsu.org\/wordpress\/wp-content\/uploads\/2020\/12\/FranceBleuRCFM.png 250w, https:\/\/www.aiutu-corsu.org\/wordpress\/wp-content\/uploads\/2020\/12\/FranceBleuRCFM-150x150.png 150w\" sizes=\"(max-width: 250px) 100vw, 250px\" \/><\/figure><div class=\"wp-block-media-text__content\">\n<p><strong>Passage sur RCFM<\/strong><\/p>\n\n\n\n<p><em><strong>France Bleu RCFM<\/strong>&nbsp;a parl\u00e9 de notre Grande Collecte Alimentaire et vous pouvez \u00e9couter \u00e7a ci-dessous<\/em><\/p>\n\n\n\n<p>Article du 28\/11\/2020<\/p>\n\n\n\n<figure class=\"wp-block-audio\"><audio controls src=\"https:\/\/www.aiutu-corsu.org\/wordpress\/wp-content\/uploads\/2020\/12\/Aiutu-Corsu-RCFM-28-11-2020.mp3\"><\/audio><\/figure>\n\n\n\n<p><\/p>\n<\/div><\/div>\n","protected":false},"excerpt":{"rendered":"<p>Article Journal de la Corse Sida, la lutte continue Article du 13\/12\/2020 > Consultez l&rsquo;article sur le site du Journal de la Corse Article Corse-Matin Sidaction plomb\u00e9 par la Covid Article du 02\/12\/2020 Article France 3 Corse Via Stella dans le cadre de la Journ\u00e9e Mondiale de Lutte Contre le Sida Sida : \u00ab\u00a0On estime [&hellip;]<\/p>\n","protected":false},"author":191,"featured_media":0,"parent":0,"menu_order":0,"comment_status":"closed","ping_status":"closed","template":"","meta":{"footnotes":""},"_links":{"self":[{"href":"https:\/\/www.aiutu-corsu.org\/wordpress\/wp-json\/wp\/v2\/pages\/5087"}],"collection":[{"href":"https:\/\/www.aiutu-corsu.org\/wordpress\/wp-json\/wp\/v2\/pages"}],"about":[{"href":"https:\/\/www.aiutu-corsu.org\/wordpress\/wp-json\/wp\/v2\/types\/page"}],"author":[{"embeddable":true,"href":"https:\/\/www.aiutu-corsu.org\/wordpress\/wp-json\/wp\/v2\/users\/191"}],"replies":[{"embeddable":true,"href":"https:\/\/www.aiutu-corsu.org\/wordpress\/wp-json\/wp\/v2\/comments?post=5087"}],"version-history":[{"count":9,"href":"https:\/\/www.aiutu-corsu.org\/wordpress\/wp-json\/wp\/v2\/pages\/5087\/revisions"}],"predecessor-version":[{"id":5225,"href":"https:\/\/www.aiutu-corsu.org\/wordpress\/wp-json\/wp\/v2\/pages\/5087\/revisions\/5225"}],"wp:attachment":[{"href":"https:\/\/www.aiutu-corsu.org\/wordpress\/wp-json\/wp\/v2\/media?parent=5087"}],"curies":[{"name":"wp","href":"https:\/\/api.w.org\/{rel}","templated":true}]}}