{"id":5001,"date":"2020-12-09T13:55:29","date_gmt":"2020-12-09T12:55:29","guid":{"rendered":"https:\/\/www.aiutu-corsu.org\/wordpress\/?page_id=5001"},"modified":"2021-01-06T09:12:28","modified_gmt":"2021-01-06T08:12:28","slug":"presse-medias-2015","status":"publish","type":"page","link":"https:\/\/www.aiutu-corsu.org\/wordpress\/presse-medias-2015\/","title":{"rendered":"Presse \/ M\u00e9dias 2015"},"content":{"rendered":"\n<figure class=\"wp-block-embed-youtube wp-block-embed is-type-video is-provider-youtube wp-embed-aspect-16-9 wp-has-aspect-ratio\"><div class=\"wp-block-embed__wrapper\">\n<iframe loading=\"lazy\" title=\"Journ\u00e9e Mondiale de Lutte Contre le Sida 2015\" width=\"500\" height=\"281\" src=\"https:\/\/www.youtube.com\/embed\/veITvc_jpn0?feature=oembed\" frameborder=\"0\" allow=\"accelerometer; autoplay; clipboard-write; encrypted-media; gyroscope; picture-in-picture\" allowfullscreen><\/iframe>\n<\/div><figcaption>Reportage au Corsica Sera du 1er d\u00e9cembre 2015 sur France 3 Corse \u2013 Via Stella<\/figcaption><\/figure>\n\n\n\n<div style=\"height:20px\" aria-hidden=\"true\" class=\"wp-block-spacer\"><\/div>\n\n\n\n<hr class=\"wp-block-separator is-style-wide\"\/>\n\n\n\n<div style=\"height:20px\" aria-hidden=\"true\" class=\"wp-block-spacer\"><\/div>\n\n\n\n<div class=\"wp-block-media-text alignwide is-stacked-on-mobile\"><figure class=\"wp-block-media-text__media\"><a href=\"https:\/\/www.corsenetinfos.corsica\/FALEP-de-Corse-du-Sud-Les-jeunes-parlent-du-Sida-avec-Aiutu-Corsu_a15754.html\" target=\"_blank\" rel=\"noopener noreferrer\"><img loading=\"lazy\" decoding=\"async\" width=\"616\" height=\"710\" src=\"https:\/\/www.aiutu-corsu.org\/wordpress\/wp-content\/uploads\/2015\/07\/02.jpg\" alt=\"\" class=\"wp-image-2503\" srcset=\"https:\/\/www.aiutu-corsu.org\/wordpress\/wp-content\/uploads\/2015\/07\/02.jpg 616w, https:\/\/www.aiutu-corsu.org\/wordpress\/wp-content\/uploads\/2015\/07\/02-260x300.jpg 260w\" sizes=\"(max-width: 616px) 100vw, 616px\" \/><\/a><\/figure><div class=\"wp-block-media-text__content\">\n<p><strong>Corse Net Infos<\/strong><\/p>\n\n\n\n<p>FALEP de Corse-du-Sud : <em>Les jeunes parlent du Sida avec Aiutu Corsu<\/em><\/p>\n\n\n\n<p>Article du 17\/06\/2015<\/p>\n<\/div><\/div>\n\n\n\n<div style=\"height:20px\" aria-hidden=\"true\" class=\"wp-block-spacer\"><\/div>\n\n\n\n<hr class=\"wp-block-separator is-style-wide\"\/>\n\n\n\n<div style=\"height:20px\" aria-hidden=\"true\" class=\"wp-block-spacer\"><\/div>\n\n\n\n<div class=\"wp-block-media-text alignwide is-stacked-on-mobile\"><figure class=\"wp-block-media-text__media\"><a href=\"https:\/\/www.aiutu-corsu.org\/wordpress\/wp-content\/uploads\/2015\/06\/Corse-Net-Info-Final.jpg\" target=\"_blank\" rel=\"noopener noreferrer\"><img loading=\"lazy\" decoding=\"async\" width=\"651\" height=\"692\" src=\"https:\/\/www.aiutu-corsu.org\/wordpress\/wp-content\/uploads\/2021\/01\/CaptureCorseNetInfos.jpg\" alt=\"\" class=\"wp-image-5035\" srcset=\"https:\/\/www.aiutu-corsu.org\/wordpress\/wp-content\/uploads\/2021\/01\/CaptureCorseNetInfos.jpg 651w, https:\/\/www.aiutu-corsu.org\/wordpress\/wp-content\/uploads\/2021\/01\/CaptureCorseNetInfos-282x300.jpg 282w\" sizes=\"(max-width: 651px) 100vw, 651px\" \/><\/a><\/figure><div class=\"wp-block-media-text__content\">\n<p><strong>Corse Net Infos<\/strong><\/p>\n\n\n\n<p><em>Semaine de d\u00e9pistage du Sida du 08 au 13 juin : Mobilisation g\u00e9n\u00e9rale sur le territoire Corse<\/em><\/p>\n\n\n\n<p>Article du 08\/06\/2015<\/p>\n\n\n\n<p><a href=\"https:\/\/www.corsenetinfos.corsica\/Semaine-du-depistage-du-Sida-du-8-au-13-juin-Mobilisation-generale-sur-le-territoire-corse_a15582.html\" target=\"_blank\" rel=\"noreferrer noopener\"><em>> Voir l&rsquo;article sur le site de Corse Net Info<\/em>s<\/a><\/p>\n<\/div><\/div>\n\n\n\n<div style=\"height:20px\" aria-hidden=\"true\" class=\"wp-block-spacer\"><\/div>\n\n\n\n<hr class=\"wp-block-separator is-style-wide\"\/>\n\n\n\n<div style=\"height:20px\" aria-hidden=\"true\" class=\"wp-block-spacer\"><\/div>\n\n\n\n<figure class=\"wp-block-embed-youtube wp-block-embed is-type-video is-provider-youtube wp-embed-aspect-16-9 wp-has-aspect-ratio\"><div class=\"wp-block-embed__wrapper\">\n<iframe loading=\"lazy\" title=\"Journ\u00e9e Mondiale de Lutte Contre le Sida 2015\" width=\"500\" height=\"281\" src=\"https:\/\/www.youtube.com\/embed\/y_jxRFVFDWI?feature=oembed\" frameborder=\"0\" allow=\"accelerometer; autoplay; clipboard-write; encrypted-media; gyroscope; picture-in-picture\" allowfullscreen><\/iframe>\n<\/div><\/figure>\n\n\n\n<div style=\"height:20px\" aria-hidden=\"true\" class=\"wp-block-spacer\"><\/div>\n\n\n\n<hr class=\"wp-block-separator is-style-wide\"\/>\n\n\n\n<div style=\"height:20px\" aria-hidden=\"true\" class=\"wp-block-spacer\"><\/div>\n\n\n\n<div class=\"wp-block-media-text alignwide is-stacked-on-mobile\"><figure class=\"wp-block-media-text__media\"><img loading=\"lazy\" decoding=\"async\" width=\"660\" height=\"756\" src=\"https:\/\/www.aiutu-corsu.org\/wordpress\/wp-content\/uploads\/2021\/01\/CaptureCorseNetInfosSidaction2015.jpg\" alt=\"\" class=\"wp-image-5038\" srcset=\"https:\/\/www.aiutu-corsu.org\/wordpress\/wp-content\/uploads\/2021\/01\/CaptureCorseNetInfosSidaction2015.jpg 660w, https:\/\/www.aiutu-corsu.org\/wordpress\/wp-content\/uploads\/2021\/01\/CaptureCorseNetInfosSidaction2015-262x300.jpg 262w\" sizes=\"(max-width: 660px) 100vw, 660px\" \/><\/figure><div class=\"wp-block-media-text__content\">\n<p><strong>Corse Net Infos<\/strong><\/p>\n\n\n\n<p><em>Sidaction 2015 : Aiutu Corsu se mobilise<\/em><\/p>\n\n\n\n<p>Article du 26\/03\/2015<\/p>\n<\/div><\/div>\n\n\n\n<div style=\"height:20px\" aria-hidden=\"true\" class=\"wp-block-spacer\"><\/div>\n\n\n\n<hr class=\"wp-block-separator is-style-wide\"\/>\n\n\n\n<div style=\"height:20px\" aria-hidden=\"true\" class=\"wp-block-spacer\"><\/div>\n\n\n\n<div class=\"wp-block-media-text alignwide is-stacked-on-mobile\"><figure class=\"wp-block-media-text__media\"><img loading=\"lazy\" decoding=\"async\" width=\"671\" height=\"1024\" src=\"https:\/\/www.aiutu-corsu.org\/wordpress\/wp-content\/uploads\/2011\/03\/2015-03-28-Sidaction-presse-01-671x1024.jpg\" alt=\"\" class=\"wp-image-2425\" srcset=\"https:\/\/www.aiutu-corsu.org\/wordpress\/wp-content\/uploads\/2011\/03\/2015-03-28-Sidaction-presse-01-671x1024.jpg 671w, https:\/\/www.aiutu-corsu.org\/wordpress\/wp-content\/uploads\/2011\/03\/2015-03-28-Sidaction-presse-01-196x300.jpg 196w, https:\/\/www.aiutu-corsu.org\/wordpress\/wp-content\/uploads\/2011\/03\/2015-03-28-Sidaction-presse-01.jpg 1120w\" sizes=\"(max-width: 671px) 100vw, 671px\" \/><\/figure><div class=\"wp-block-media-text__content\">\n<p><strong>Corse-Matin<\/strong><\/p>\n\n\n\n<p><em>L&rsquo;association Aiutu Corsu se mobilise<\/em><\/p>\n\n\n\n<p>Article du 28\/03\/2015<\/p>\n<\/div><\/div>\n","protected":false},"excerpt":{"rendered":"<p>Corse Net Infos FALEP de Corse-du-Sud : Les jeunes parlent du Sida avec Aiutu Corsu Article du 17\/06\/2015 Corse Net Infos Semaine de d\u00e9pistage du Sida du 08 au 13 juin : Mobilisation g\u00e9n\u00e9rale sur le territoire Corse Article du 08\/06\/2015 > Voir l&rsquo;article sur le site de Corse Net Infos Corse Net Infos Sidaction [&hellip;]<\/p>\n","protected":false},"author":191,"featured_media":0,"parent":0,"menu_order":0,"comment_status":"closed","ping_status":"closed","template":"","meta":{"footnotes":""},"_links":{"self":[{"href":"https:\/\/www.aiutu-corsu.org\/wordpress\/wp-json\/wp\/v2\/pages\/5001"}],"collection":[{"href":"https:\/\/www.aiutu-corsu.org\/wordpress\/wp-json\/wp\/v2\/pages"}],"about":[{"href":"https:\/\/www.aiutu-corsu.org\/wordpress\/wp-json\/wp\/v2\/types\/page"}],"author":[{"embeddable":true,"href":"https:\/\/www.aiutu-corsu.org\/wordpress\/wp-json\/wp\/v2\/users\/191"}],"replies":[{"embeddable":true,"href":"https:\/\/www.aiutu-corsu.org\/wordpress\/wp-json\/wp\/v2\/comments?post=5001"}],"version-history":[{"count":5,"href":"https:\/\/www.aiutu-corsu.org\/wordpress\/wp-json\/wp\/v2\/pages\/5001\/revisions"}],"predecessor-version":[{"id":5045,"href":"https:\/\/www.aiutu-corsu.org\/wordpress\/wp-json\/wp\/v2\/pages\/5001\/revisions\/5045"}],"wp:attachment":[{"href":"https:\/\/www.aiutu-corsu.org\/wordpress\/wp-json\/wp\/v2\/media?parent=5001"}],"curies":[{"name":"wp","href":"https:\/\/api.w.org\/{rel}","templated":true}]}}